{"id":3,"date":"2022-05-27T14:19:19","date_gmt":"2022-05-27T12:19:19","guid":{"rendered":"http:\/\/cvryvlb.cluster029.hosting.ovh.net\/?page_id=3"},"modified":"2023-03-22T13:01:52","modified_gmt":"2023-03-22T12:01:52","slug":"politique-de-confidentialite","status":"publish","type":"page","link":"https:\/\/lepolissongourmand.fr\/index.php\/politique-de-confidentialite\/","title":{"rendered":"Politique de confidentialit\u00e9"},"content":{"rendered":"\n<h6 class=\"wp-block-heading\"><p style=\"text-align:center;line-height:18.0pt\" align=\"center\"><span style=\"color:black;mso-ansi-language:EN\" lang=\"EN\"> <b>www.lepolissongourmand.fr<\/b> <\/span><\/p><\/h6>\n\n\n\n<h6 class=\"wp-block-heading\"><p style=\"text-align:center;line-height:18.0pt\" align=\"center\"><span style=\"color:black;mso-ansi-language:EN\" lang=\"EN\">Le Polisson Gourmand  <\/span><\/p><\/h6>\n\n\n\n<h6 class=\"wp-block-heading\"><p style=\"text-align:center;line-height:18.0pt\" align=\"center\"><span style=\"color:black;mso-ansi-language:EN\" lang=\"EN\">Type de site&nbsp;: vitrine <\/span><\/p><\/h6>\n\n\n\n<h6 class=\"has-text-align-left wp-block-heading\"><p style=\"text-align:center;line-height:18.0pt\" align=\"center\"><b><u><span style=\"color:black;\nmso-ansi-language:EN\" lang=\"EN\">Le but de cette politique de confidentialit\u00e9 <\/span><\/u><\/b><span style=\"color:black;mso-ansi-language:EN\" lang=\"EN\">  <\/span><\/p><\/h6>\n\n\n\n<p class=\"has-text-align-left\"><p style=\"text-align:center;line-height:18.0pt\" align=\"center\"><span style=\"color:black;mso-ansi-language:EN\" lang=\"EN\">Le but de cette politique de confidentialit\u00e9 est d&rsquo;informer les utilisateurs de notre site des donn\u00e9es personnelles que nous recueillerons ainsi que les informations suivantes, le cas \u00e9ch\u00e9ant : <\/span><\/p><ol type=\"a\" start=\"1\"><li class=\"MsoNormal\" style=\"color:black;mso-margin-top-alt:auto;margin-bottom:\n     18.0pt;line-height:18.0pt;mso-list:l7 level1 lfo1;tab-stops:list 36.0pt\"><span style=\"mso-fareast-font-family:&quot;Times New Roman&quot;;mso-ansi-language:\n     EN\" lang=\"EN\">Les donn\u00e9es personnelles que nous recueillerons<\/span><\/li><\/ol><ol type=\"a\" start=\"2\"><li class=\"MsoNormal\" style=\"color:black;mso-margin-top-alt:auto;margin-bottom:\n     18.0pt;line-height:18.0pt;mso-list:l7 level1 lfo2;tab-stops:list 36.0pt\"><span style=\"mso-fareast-font-family:&quot;Times New Roman&quot;;mso-ansi-language:\n     EN\" lang=\"EN\">L\u2019utilisation des donn\u00e9es recueillies<\/span><\/li><\/ol><ol type=\"a\" start=\"3\"><li class=\"MsoNormal\" style=\"color:black;mso-margin-top-alt:auto;margin-bottom:\n     18.0pt;line-height:18.0pt;mso-list:l7 level1 lfo3;tab-stops:list 36.0pt\"><span style=\"mso-fareast-font-family:&quot;Times New Roman&quot;;mso-ansi-language:\n     EN\" lang=\"EN\">Qui a acc\u00e8s aux donn\u00e9es recueillies<\/span><\/li><\/ol><ol type=\"a\" start=\"4\"><li class=\"MsoNormal\" style=\"color:black;mso-margin-top-alt:auto;margin-bottom:\n     18.0pt;line-height:18.0pt;mso-list:l7 level1 lfo4;tab-stops:list 36.0pt\"><span style=\"mso-fareast-font-family:&quot;Times New Roman&quot;;mso-ansi-language:\n     EN\" lang=\"EN\">Les droits des utilisateurs du site<\/span><\/li><\/ol><ol type=\"a\" start=\"5\"><li class=\"MsoNormal\" style=\"color:black;mso-margin-top-alt:auto;line-height:\n     18.0pt;mso-list:l7 level1 lfo5;tab-stops:list 36.0pt\"><span style=\"mso-fareast-font-family:&quot;Times New Roman&quot;;mso-ansi-language:EN\" lang=\"EN\">La politique de cookies du site<\/span><\/li><\/ol><p style=\"line-height:18.0pt\"><span style=\"color:black;mso-ansi-language:\nEN\" lang=\"EN\">Cette politique de confidentialit\u00e9 fonctionne parall\u00e8lement aux conditions g\u00e9n\u00e9rales d\u2019utilisation de notre site. <\/span><\/p><\/p>\n\n\n\n<h6 class=\"has-text-align-center wp-block-heading\"><p style=\"line-height:18.0pt\"><b><u><span style=\"color:black;\nmso-ansi-language:EN\" lang=\"EN\">Lois applicables<\/span><\/u><\/b><span style=\"color:black;mso-ansi-language:EN\" lang=\"EN\"> <\/span><\/p><\/h6>\n\n\n\n<p class=\"has-text-align-left\"><p style=\"line-height:18.0pt\"><span style=\"color:black;mso-ansi-language:\nEN\" lang=\"EN\">Conform\u00e9ment au <i>R\u00e8glement g\u00e9n\u00e9ral sur la protection des donn\u00e9es<\/i> (RGPD), cette politique de confidentialit\u00e9 est conforme aux r\u00e8glements suivants.  <\/span><\/p><\/p>\n\n\n\n<p class=\"has-text-align-left\"><p style=\"line-height:18.0pt\"><span style=\"color:black;mso-ansi-language:\nEN\" lang=\"EN\">Les donn\u00e9es \u00e0 caract\u00e8re personnel doivent \u00eatre : <\/span><\/p><ol type=\"a\" start=\"1\"><li class=\"MsoNormal\" style=\"color:black;mso-margin-top-alt:auto;margin-bottom:\n     18.0pt;line-height:18.0pt;mso-list:l2 level1 lfo6;tab-stops:list 36.0pt\"><span style=\"mso-fareast-font-family:&quot;Times New Roman&quot;;mso-ansi-language:\n     EN\" lang=\"EN\">trait\u00e9es de mani\u00e8re licite, loyale et transparente au regard de la personne concern\u00e9e (lic\u00e9it\u00e9, loyaut\u00e9, transparence) ;<\/span><\/li><\/ol><ol type=\"a\" start=\"2\"><li class=\"MsoNormal\" style=\"color:black;mso-margin-top-alt:auto;margin-bottom:\n     18.0pt;line-height:18.0pt;mso-list:l2 level1 lfo7;tab-stops:list 36.0pt\"><span style=\"mso-fareast-font-family:&quot;Times New Roman&quot;;mso-ansi-language:\n     EN\" lang=\"EN\">collect\u00e9es pour des finalit\u00e9s d\u00e9termin\u00e9es, explicites et l\u00e9gitimes, et ne pas \u00eatre trait\u00e9es ult\u00e9rieurement d&rsquo;une mani\u00e8re incompatible avec ces finalit\u00e9s; le traitement ult\u00e9rieur \u00e0 des fins archivistiques dans l&rsquo;int\u00e9r\u00eat public, \u00e0 des fins de recherche scientifique ou historique ou \u00e0 des fins statistiques n&rsquo;est pas consid\u00e9r\u00e9, conform\u00e9ment \u00e0 l&rsquo;article 89, paragraphe 1, comme incompatible avec les finalit\u00e9s initiales (limitation des finalit\u00e9s);<\/span><\/li><\/ol><ol type=\"a\" start=\"3\"><li class=\"MsoNormal\" style=\"color:black;mso-margin-top-alt:auto;margin-bottom:\n     18.0pt;line-height:18.0pt;mso-list:l2 level1 lfo8;tab-stops:list 36.0pt\"><span style=\"mso-fareast-font-family:&quot;Times New Roman&quot;;mso-ansi-language:\n     EN\" lang=\"EN\">ad\u00e9quates, pertinentes et limit\u00e9es \u00e0 ce qui est n\u00e9cessaire au regard des finalit\u00e9s pour lesquelles elles sont trait\u00e9es (minimisation des donn\u00e9es) ;<\/span><\/li><\/ol><ol type=\"a\" start=\"4\"><li class=\"MsoNormal\" style=\"color:black;mso-margin-top-alt:auto;margin-bottom:\n     18.0pt;line-height:18.0pt;mso-list:l2 level1 lfo9;tab-stops:list 36.0pt\"><span style=\"mso-fareast-font-family:&quot;Times New Roman&quot;;mso-ansi-language:\n     EN\" lang=\"EN\">exactes et, si n\u00e9cessaire, tenues \u00e0 jour; toutes les mesures      raisonnables doivent \u00eatre prises pour que les donn\u00e9es \u00e0 caract\u00e8re personnel qui sont inexactes, eu \u00e9gard aux finalit\u00e9s pour lesquelles elles sont trait\u00e9es, soient effac\u00e9es ou rectifi\u00e9es sans tarder (exactitude) ;<\/span><\/li><\/ol><ol type=\"a\" start=\"5\"><li class=\"MsoNormal\" style=\"color:black;mso-margin-top-alt:auto;margin-bottom:\n     18.0pt;line-height:18.0pt;mso-list:l2 level1 lfo10;tab-stops:list 36.0pt\"><span style=\"mso-fareast-font-family:&quot;Times New Roman&quot;;mso-ansi-language:\n     EN\" lang=\"EN\">conserv\u00e9es sous une forme permettant l&rsquo;identification des personnes concern\u00e9es pendant une dur\u00e9e n&rsquo;exc\u00e9dant pas celle n\u00e9cessaire au regard des finalit\u00e9s pour lesquelles elles sont trait\u00e9es; les donn\u00e9es \u00e0 caract\u00e8re  personnel peuvent \u00eatre conserv\u00e9es pour des dur\u00e9es plus longues dans la mesure o\u00f9 elles seront trait\u00e9es exclusivement \u00e0 des fins archivistiques dans l&rsquo;int\u00e9r\u00eat public, \u00e0 des fins de recherche scientifique ou historique ou \u00e0 des fins statistiques conform\u00e9ment \u00e0 l&rsquo;article 89, paragraphe 1, pour autant que soient mises en \u0153uvre les mesures techniques et organisationnelles appropri\u00e9es requises par le r\u00e8glement afin de garantir les droits et libert\u00e9s de la personne concern\u00e9e (limitation de la conservation) ;<\/span><\/li><\/ol><ol type=\"a\" start=\"6\"><li class=\"MsoNormal\" style=\"color:black;mso-margin-top-alt:auto;margin-bottom:\n     12.0pt;line-height:18.0pt;mso-list:l2 level1 lfo11;tab-stops:list 36.0pt\"><span style=\"mso-fareast-font-family:&quot;Times New Roman&quot;;mso-ansi-language:\n     EN\" lang=\"EN\">trait\u00e9es de fa\u00e7on \u00e0 garantir une s\u00e9curit\u00e9 appropri\u00e9e des donn\u00e9es \u00e0 caract\u00e8re personnel, y compris la protection contre le traitement non autoris\u00e9 ou illicite et contre la perte, la destruction ou les d\u00e9g\u00e2ts d&rsquo;origine accidentelle, \u00e0 l&rsquo;aide de mesures techniques ou organisationnelles appropri\u00e9es (int\u00e9grit\u00e9 et confidentialit\u00e9).<\/span><\/li><\/ol><p style=\"line-height:18.0pt\"><span style=\"color:black;mso-ansi-language:\nEN\" lang=\"EN\">Le traitement n&rsquo;est licite que si, et dans la mesure o\u00f9, au moins une des conditions suivantes est remplie : <\/span><\/p><ol type=\"a\" start=\"1\"><li class=\"MsoNormal\" style=\"color:black;mso-margin-top-alt:auto;margin-bottom:\n     18.0pt;line-height:18.0pt;mso-list:l4 level1 lfo12;tab-stops:list 36.0pt\"><span style=\"mso-fareast-font-family:&quot;Times New Roman&quot;;mso-ansi-language:\n     EN\" lang=\"EN\">la personne concern\u00e9e a consenti au traitement de ses donn\u00e9es \u00e0 caract\u00e8re personnel pour une ou plusieurs finalit\u00e9s sp\u00e9cifiques ;<\/span><\/li><\/ol><ol type=\"a\" start=\"2\"><li class=\"MsoNormal\" style=\"color:black;mso-margin-top-alt:auto;margin-bottom:\n     18.0pt;line-height:18.0pt;mso-list:l4 level1 lfo13;tab-stops:list 36.0pt\"><span style=\"mso-fareast-font-family:&quot;Times New Roman&quot;;mso-ansi-language:\n     EN\" lang=\"EN\">le traitement est n\u00e9cessaire \u00e0 l&rsquo;ex\u00e9cution d&rsquo;un contrat auquel la personne concern\u00e9e est partie ou \u00e0 l&rsquo;ex\u00e9cution de mesures      pr\u00e9contractuelles prises \u00e0 la demande de celle-ci ;<\/span><\/li><\/ol><ol type=\"a\" start=\"3\"><li class=\"MsoNormal\" style=\"color:black;mso-margin-top-alt:auto;margin-bottom:\n     18.0pt;line-height:18.0pt;mso-list:l4 level1 lfo14;tab-stops:list 36.0pt\"><span style=\"mso-fareast-font-family:&quot;Times New Roman&quot;;mso-ansi-language:\n     EN\" lang=\"EN\">le traitement est n\u00e9cessaire au respect d&rsquo;une obligation l\u00e9gale \u00e0 laquelle le responsable du traitement est soumis ;<\/span><\/li><\/ol><ol type=\"a\" start=\"4\"><li class=\"MsoNormal\" style=\"color:black;mso-margin-top-alt:auto;margin-bottom:\n     18.0pt;line-height:18.0pt;mso-list:l4 level1 lfo15;tab-stops:list 36.0pt\"><span style=\"mso-fareast-font-family:&quot;Times New Roman&quot;;mso-ansi-language:\n     EN\" lang=\"EN\">le traitement est n\u00e9cessaire \u00e0 la sauvegarde des int\u00e9r\u00eats vitaux de la personne concern\u00e9e ou d&rsquo;une autre personne physique ;<\/span><\/li><\/ol><ol type=\"a\" start=\"5\"><li class=\"MsoNormal\" style=\"color:black;mso-margin-top-alt:auto;margin-bottom:\n     18.0pt;line-height:18.0pt;mso-list:l4 level1 lfo16;tab-stops:list 36.0pt\"><span style=\"mso-fareast-font-family:&quot;Times New Roman&quot;;mso-ansi-language:\n     EN\" lang=\"EN\">le traitement est n\u00e9cessaire \u00e0 l&rsquo;ex\u00e9cution d&rsquo;une mission d&rsquo;int\u00e9r\u00eat public ou relevant de l&rsquo;exercice de l&rsquo;autorit\u00e9 publique dont est investi le responsable du traitement ;<\/span><\/li><\/ol><ol type=\"a\" start=\"6\"><li class=\"MsoNormal\" style=\"color:black;mso-margin-top-alt:auto;line-height:\n     18.0pt;mso-list:l4 level1 lfo17;tab-stops:list 36.0pt\"><span style=\"mso-fareast-font-family:&quot;Times New Roman&quot;;mso-ansi-language:EN\" lang=\"EN\">le traitement est n\u00e9cessaire aux fins des int\u00e9r\u00eats l\u00e9gitimes poursuivis par le responsable du traitement ou par un tiers, \u00e0 moins que ne pr\u00e9valent les int\u00e9r\u00eats ou les libert\u00e9s et droits fondamentaux de la personne concern\u00e9e qui exigent une protection des donn\u00e9es \u00e0 caract\u00e8re personnel, notamment      lorsque la personne concern\u00e9e est un enfant.<\/span><\/li><\/ol><p style=\"line-height:18.0pt\"><span style=\"color:black;mso-ansi-language:\nEN\" lang=\"EN\">Pour les r\u00e9sidents de l\u2019\u00c9tat de Californie, cette politique de confidentialit\u00e9 vise \u00e0 se conformer \u00e0 la <i>California Consumer Privacy Act (CCPA)<\/i>. S\u2019il y a des incoh\u00e9rences entre ce document et la <i>CCPA<\/i>, la l\u00e9gislation de l\u2019\u00c9tat s\u2019appliquera. Si nous constatons des incoh\u00e9rences, nous modifierons notre politique pour nous conformer \u00e0 la loi pertinente. <\/span><\/p><\/p>\n\n\n\n<h6 class=\"has-text-align-center wp-block-heading\"><p style=\"line-height:18.0pt\"><b><u><span style=\"color:black;\nmso-ansi-language:EN\" lang=\"EN\">Consentement<\/span><\/u><\/b><span style=\"color:black;mso-ansi-language:EN\" lang=\"EN\">  <\/span><\/p><\/h6>\n\n\n\n<p class=\"has-text-align-left\"><p style=\"line-height:18.0pt\"><span style=\"color:black;mso-ansi-language:EN\" lang=\"EN\">Les utilisateurs conviennent qu\u2019en utilisant notre site, ils consentent \u00e0 : <\/span><\/p><ol type=\"a\" start=\"2\"><li class=\"MsoNormal\" style=\"color:black;mso-margin-top-alt:auto;line-height:\n     18.0pt;mso-list:l1 level1 lfo19;tab-stops:list 36.0pt\"><span style=\"mso-fareast-font-family:&quot;Times New Roman&quot;;mso-ansi-language:EN\" lang=\"EN\">les conditions \u00e9nonc\u00e9es dans la pr\u00e9sente politique de confidentialit\u00e9 et la collecte, l\u2019utilisation et la conservation des donn\u00e9es \u00e9num\u00e9r\u00e9es dans la pr\u00e9sente politique.<\/span><\/li><\/ol><\/p>\n\n\n\n<h6 class=\"has-text-align-center wp-block-heading\"><p style=\"line-height:18.0pt\"><b><u><span style=\"color:black;\nmso-ansi-language:EN\" lang=\"EN\">Donn\u00e9es personnelles que nous collectons<\/span><\/u><\/b><span style=\"color:black;mso-ansi-language:EN\" lang=\"EN\"> <\/span><\/p><\/h6>\n\n\n\n<p><p style=\"line-height:18.0pt\"><b><span style=\"color:black;mso-ansi-language:\nEN\" lang=\"EN\">Donn\u00e9es collect\u00e9es automatiquement<\/span><\/b><span style=\"color:black;mso-ansi-language:EN\" lang=\"EN\"> <\/span><span style=\"color:black;mso-ansi-language:\nEN\" lang=\"EN\">Nous ne collectons aucune donn\u00e9e automatiquement sur notre site. <\/span><b><span style=\"color:black;mso-ansi-language:\nEN\" lang=\"EN\">Donn\u00e9es recueillies de fa\u00e7on non automatique<\/span><\/b><span style=\"color:black;mso-ansi-language:EN\" lang=\"EN\"> <\/span><span style=\"color:black;mso-ansi-language:\nEN\" lang=\"EN\">Nous pouvons \u00e9galement collecter les donn\u00e9es suivantes lorsque vous effectuez certaines fonctions sur notre site&nbsp;: <\/span><\/p><ol type=\"a\" start=\"1\"><li class=\"MsoNormal\" style=\"color:black;mso-margin-top-alt:auto;margin-bottom:\n     18.0pt;line-height:18.0pt;mso-list:l6 level1 lfo20;tab-stops:list 36.0pt\"><span style=\"mso-fareast-font-family:&quot;Times New Roman&quot;;mso-ansi-language:\n     EN\" lang=\"EN\">Pr\u00e9nom et nom<\/span><\/li><\/ol><ol type=\"a\" start=\"2\"><li class=\"MsoNormal\" style=\"color:black;mso-margin-top-alt:auto;margin-bottom:\n     18.0pt;line-height:18.0pt;mso-list:l6 level1 lfo21;tab-stops:list 36.0pt\"><span style=\"mso-fareast-font-family:&quot;Times New Roman&quot;;mso-ansi-language:\n     EN\" lang=\"EN\">Email<\/span><\/li><\/ol><ol type=\"a\" start=\"3\"><li class=\"MsoNormal\" style=\"color:black;mso-margin-top-alt:auto;margin-bottom:\n     18.0pt;line-height:18.0pt;mso-list:l6 level1 lfo22;tab-stops:list 36.0pt\"><span style=\"mso-fareast-font-family:&quot;Times New Roman&quot;;mso-ansi-language:\n     EN\" lang=\"EN\">Num\u00e9ro de t\u00e9l\u00e9phone<\/span><\/li><\/ol><ol type=\"a\" start=\"4\"><li class=\"MsoNormal\" style=\"color:black;mso-margin-top-alt:auto;line-height:\n     18.0pt;mso-list:l6 level1 lfo23;tab-stops:list 36.0pt\"><span style=\"mso-fareast-font-family:&quot;Times New Roman&quot;;mso-ansi-language:EN\" lang=\"EN\">Information de paiement<\/span><\/li><\/ol><p style=\"line-height:18.0pt\"><span style=\"color:black;mso-ansi-language:\nEN\" lang=\"EN\">Ces donn\u00e9es peuvent \u00eatre recueillies au moyen des m\u00e9thodes suivantes&nbsp;: R\u00e9servation d&rsquo;un \u00e9v\u00e8nement Veuillez noter que nous ne collectons que les donn\u00e9es qui nous aident \u00e0 atteindre l\u2019objectif \u00e9nonc\u00e9 dans cette politique de confidentialit\u00e9. Nous ne recueillerons pas de donn\u00e9es suppl\u00e9mentaires sans vous en informer au pr\u00e9alable. <\/span><\/p><\/p>\n\n\n\n<h6 class=\"has-text-align-center wp-block-heading\"><p style=\"line-height:18.0pt\"><b><u><span style=\"color:black;\nmso-ansi-language:EN\" lang=\"EN\">Comment nous utilisons les donn\u00e9es personnelles<\/span><\/u><\/b><span style=\"color:black;mso-ansi-language:EN\" lang=\"EN\">  <\/span><\/p><\/h6>\n\n\n\n<p><p style=\"line-height:18.0pt\"><span style=\"color:black;mso-ansi-language:EN\" lang=\"EN\">Les donn\u00e9es personnelles recueillies sur notre site seront utilis\u00e9es uniquement aux fins pr\u00e9cis\u00e9es dans la pr\u00e9sente politique ou indiqu\u00e9es sur les pages pertinentes de notre site. Nous n\u2019utiliserons pas vos donn\u00e9es au-del\u00e0 de ce que nous divulguerons. <\/span><span style=\"color:black;mso-ansi-language:\nEN\" lang=\"EN\">Les donn\u00e9es que nous recueillons lorsque l\u2019utilisateur ex\u00e9cute certaines fonctions peuvent \u00eatre utilis\u00e9es aux fins suivantes&nbsp;: <\/span><\/p><ol type=\"a\" start=\"1\"><li class=\"MsoNormal\" style=\"color:black;mso-margin-top-alt:auto;line-height:\n     18.0pt;mso-list:l0 level1 lfo24;tab-stops:list 36.0pt\"><span style=\"mso-fareast-font-family:&quot;Times New Roman&quot;;mso-ansi-language:EN\" lang=\"EN\">Afin de valider une r\u00e9servation ou de recontacter le client en cas de modification ou d&rsquo;annulation<\/span><\/li><\/ol><\/p>\n\n\n\n<h6 class=\"has-text-align-center wp-block-heading\"><p style=\"line-height:18.0pt\"><b><u><span style=\"color:black;\nmso-ansi-language:EN\" lang=\"EN\">Avec qui nous partageons les donn\u00e9es personnelles<\/span><\/u><\/b><span style=\"color:black;mso-ansi-language:EN\" lang=\"EN\"> <\/span><\/p><\/h6>\n\n\n\n<h6 class=\"wp-block-heading\"><p style=\"line-height:18.0pt\"><b><span style=\"color:black;mso-ansi-language:\nEN\" lang=\"EN\">Employ\u00e9s<\/span><\/b><span style=\"color:black;mso-ansi-language:EN\" lang=\"EN\"> <\/span><\/p><\/h6>\n\n\n\n<p><p style=\"line-height:18.0pt\"><span style=\"color:black;mso-ansi-language:EN\" lang=\"EN\">Nous pouvons divulguer \u00e0 tout membre de notre organisation les donn\u00e9es utilisateur dont il a raisonnablement besoin pour r\u00e9aliser les objectifs \u00e9nonc\u00e9s dans la pr\u00e9sente politique. <\/span><\/p><\/p>\n\n\n\n<h6 class=\"wp-block-heading\"><p style=\"line-height:18.0pt\"><b><span style=\"color:black;mso-ansi-language:\nEN\" lang=\"EN\">Tierces parties<\/span><\/b><span style=\"color:black;mso-ansi-language:\nEN\" lang=\"EN\"> <\/span><\/p><\/h6>\n\n\n\n<p><p style=\"line-height:18.0pt\"><span style=\"color:black;mso-ansi-language:\nEN\" lang=\"EN\">Nous pouvons partager les donn\u00e9es utilisateur avec les tiers suivants&nbsp;: <\/span><\/p><ol type=\"a\" start=\"1\"><li class=\"MsoNormal\" style=\"color:black;mso-margin-top-alt:auto;line-height:\n     18.0pt;mso-list:l9 level1 lfo25;tab-stops:list 36.0pt\"><span style=\"mso-fareast-font-family:&quot;Times New Roman&quot;;mso-ansi-language:EN\" lang=\"EN\">__________<\/span><\/li><\/ol><p style=\"line-height:18.0pt\"><span style=\"color:black;mso-ansi-language:\nEN\" lang=\"EN\">Nous pouvons partager les donn\u00e9es utilisateur avec des tiers aux fins suivantes&nbsp;: <\/span><\/p><ol type=\"a\" start=\"1\"><li class=\"MsoNormal\" style=\"color:black;mso-margin-top-alt:auto;line-height:\n     18.0pt;mso-list:l3 level1 lfo26;tab-stops:list 36.0pt\"><span style=\"mso-fareast-font-family:&quot;Times New Roman&quot;;mso-ansi-language:EN\" lang=\"EN\">__________<\/span><\/li><\/ol><p style=\"line-height:18.0pt\"><span style=\"color:black;mso-ansi-language:\nEN\" lang=\"EN\">Les tiers ne seront pas en mesure d\u2019acc\u00e9der aux donn\u00e9es des utilisateurs au-del\u00e0 de ce qui est raisonnablement n\u00e9cessaire pour atteindre l\u2019objectif donn\u00e9. <\/span><\/p><\/p>\n\n\n\n<h6 class=\"has-text-align-center wp-block-heading\"><p style=\"line-height:18.0pt\"><b><span style=\"color:black;mso-ansi-language:\nEN\" lang=\"EN\">Autres divulgations<\/span><\/b><span style=\"color:black;mso-ansi-language:\nEN\" lang=\"EN\"> <\/span><\/p><\/h6>\n\n\n\n<p><p style=\"line-height:18.0pt\"><span style=\"color:black;mso-ansi-language:\nEN\" lang=\"EN\">Nous nous engageons \u00e0 ne pas vendre ou partager vos donn\u00e9es avec des tiers, sauf dans les cas suivants&nbsp;: <\/span><\/p><ol type=\"a\" start=\"1\"><li class=\"MsoNormal\" style=\"color:black;mso-margin-top-alt:auto;margin-bottom:\n     18.0pt;line-height:18.0pt;mso-list:l8 level1 lfo27;tab-stops:list 36.0pt\"><span style=\"mso-fareast-font-family:&quot;Times New Roman&quot;;mso-ansi-language:\n     EN\" lang=\"EN\">si la loi l&rsquo;exige<\/span><\/li><\/ol><ol type=\"a\" start=\"2\"><li class=\"MsoNormal\" style=\"color:black;mso-margin-top-alt:auto;margin-bottom:\n     18.0pt;line-height:18.0pt;mso-list:l8 level1 lfo28;tab-stops:list 36.0pt\"><span style=\"mso-fareast-font-family:&quot;Times New Roman&quot;;mso-ansi-language:\n     EN\" lang=\"EN\">si elle est requise pour toute proc\u00e9dure judiciaire<\/span><\/li><\/ol><ol type=\"a\" start=\"3\"><li class=\"MsoNormal\" style=\"color:black;mso-margin-top-alt:auto;margin-bottom:\n     18.0pt;line-height:18.0pt;mso-list:l8 level1 lfo29;tab-stops:list 36.0pt\"><span style=\"mso-fareast-font-family:&quot;Times New Roman&quot;;mso-ansi-language:\n     EN\" lang=\"EN\">pour prouver ou prot\u00e9ger nos droits l\u00e9gaux<\/span><\/li><\/ol><ol type=\"a\" start=\"4\"><li class=\"MsoNormal\" style=\"color:black;mso-margin-top-alt:auto;line-height:\n     18.0pt;mso-list:l8 level1 lfo30;tab-stops:list 36.0pt\"><span style=\"mso-fareast-font-family:&quot;Times New Roman&quot;;mso-ansi-language:EN\" lang=\"EN\">\u00e0 des acheteurs ou des acheteurs potentiels de cette soci\u00e9t\u00e9 dans le cas o\u00f9 nous cherchons \u00e0 la vendre la soci\u00e9t\u00e9<\/span><\/li><\/ol><p style=\"line-height:18.0pt\"><span style=\"color:black;mso-ansi-language:\nEN\" lang=\"EN\">Si vous suivez des hyperliens de notre site vers un autre site, veuillez noter que nous ne sommes pas responsables et n\u2019avons pas de contr\u00f4le sur leurs politiques et pratiques de confidentialit\u00e9. <\/span><\/p><\/p>\n\n\n\n<h6 class=\"has-text-align-center wp-block-heading\"><p style=\"line-height:18.0pt\"><b><u><span style=\"color:black;\nmso-ansi-language:EN\" lang=\"EN\">Combien de temps nous stockons les donn\u00e9es personnelles<\/span><\/u><\/b><span style=\"color:black;mso-ansi-language:EN\" lang=\"EN\">  <\/span><\/p><\/h6>\n\n\n\n<p><p style=\"line-height:18.0pt\"><span style=\"color:black;mso-ansi-language:EN\" lang=\"EN\">Nous ne conservons pas les donn\u00e9es des utilisateurs au-del\u00e0 de ce qui est n\u00e9cessaire pour atteindre les fins pour lesquelles elles sont recueillies. <\/span><\/p><\/p>\n\n\n\n<h6 class=\"has-text-align-center wp-block-heading\"><p style=\"line-height:18.0pt\"><b><u><span style=\"color:black;\nmso-ansi-language:EN\" lang=\"EN\">Comment nous prot\u00e9geons vos donn\u00e9es personnelles<\/span><\/u><\/b><span style=\"color:black;mso-ansi-language:EN\" lang=\"EN\">  <\/span><\/p><\/h6>\n\n\n\n<p><p style=\"line-height:18.0pt\"><span style=\"color:black;mso-ansi-language:EN\" lang=\"EN\">Les donn\u00e9es seront stock\u00e9es sur la plateforme s\u00e9curis\u00e9e du site internet et seront supprim\u00e9es automatiquement.  Alors que nous prenons toutes les pr\u00e9cautions raisonnables pour nous assurer que nos donn\u00e9es d\u2019utilisateur sont s\u00e9curis\u00e9es et que les utilisateurs sont prot\u00e9g\u00e9s, il reste toujours du risque de pr\u00e9judice. L\u2019Internet en sa totalit\u00e9 peut \u00eatre, parfois, peu s\u00fbr et donc nous sommes incapables de garantir la s\u00e9curit\u00e9 des donn\u00e9es des utilisateurs au-del\u00e0 de ce qui est raisonnablement pratique. <\/span><\/p><\/p>\n\n\n\n<h6 class=\"has-text-align-center wp-block-heading\"><p style=\"line-height:18.0pt\"><b><u><span style=\"color:black;\nmso-ansi-language:EN\" lang=\"EN\">Mineurs<\/span><\/u><\/b><span style=\"color:black;\nmso-ansi-language:EN\" lang=\"EN\"> <\/span><\/p><\/h6>\n\n\n\n<p><p style=\"line-height:18.0pt\"><span style=\"color:black;mso-ansi-language:\nEN\" lang=\"EN\">Le RGPD pr\u00e9cise que les personnes de moins de 15 ans sont consid\u00e9r\u00e9es comme des mineurs aux fins de la collecte de donn\u00e9es. Les mineurs doivent avoir le consentement d\u2019un repr\u00e9sentant l\u00e9gal pour que leurs donn\u00e9es soient recueillies, trait\u00e9es et utilis\u00e9es. <\/span><\/p><\/p>\n\n\n\n<h6 class=\"has-text-align-center wp-block-heading\"><p style=\"line-height:18.0pt\"><b><u><span style=\"color:black;\nmso-ansi-language:EN\" lang=\"EN\">Vos droits en tant qu\u2019utilisateur<\/span><\/u><\/b><span style=\"color:black;mso-ansi-language:EN\" lang=\"EN\"> <\/span><\/p><\/h6>\n\n\n\n<p><p style=\"line-height:18.0pt\"><span style=\"color:black;mso-ansi-language:\nEN\" lang=\"EN\">En vertu du RGPD, les utilisateurs ont les droits suivants en tant que personnes concern\u00e9es : <\/span><\/p><ol type=\"a\" start=\"1\"><li class=\"MsoNormal\" style=\"color:black;mso-margin-top-alt:auto;margin-bottom:\n     18.0pt;line-height:18.0pt;mso-list:l5 level1 lfo31;tab-stops:list 36.0pt\"><span style=\"mso-fareast-font-family:&quot;Times New Roman&quot;;mso-ansi-language:\n     EN\" lang=\"EN\">droit d\u2019acc\u00e8s<\/span><\/li><\/ol><ol type=\"a\" start=\"2\"><li class=\"MsoNormal\" style=\"color:black;mso-margin-top-alt:auto;margin-bottom:\n     18.0pt;line-height:18.0pt;mso-list:l5 level1 lfo32;tab-stops:list 36.0pt\"><span style=\"mso-fareast-font-family:&quot;Times New Roman&quot;;mso-ansi-language:\n     EN\" lang=\"EN\">droit de rectification<\/span><\/li><\/ol><ol type=\"a\" start=\"3\"><li class=\"MsoNormal\" style=\"color:black;mso-margin-top-alt:auto;margin-bottom:\n     18.0pt;line-height:18.0pt;mso-list:l5 level1 lfo33;tab-stops:list 36.0pt\"><span style=\"mso-fareast-font-family:&quot;Times New Roman&quot;;mso-ansi-language:\n     EN\" lang=\"EN\">droit \u00e0 l\u2019effacement<\/span><\/li><\/ol><ol type=\"a\" start=\"4\"><li class=\"MsoNormal\" style=\"color:black;mso-margin-top-alt:auto;margin-bottom:\n     18.0pt;line-height:18.0pt;mso-list:l5 level1 lfo34;tab-stops:list 36.0pt\"><span style=\"mso-fareast-font-family:&quot;Times New Roman&quot;;mso-ansi-language:\n     EN\" lang=\"EN\">droit de restreindre le traitement<\/span><\/li><\/ol><ol type=\"a\" start=\"5\"><li class=\"MsoNormal\" style=\"color:black;mso-margin-top-alt:auto;margin-bottom:\n     18.0pt;line-height:18.0pt;mso-list:l5 level1 lfo35;tab-stops:list 36.0pt\"><span style=\"mso-fareast-font-family:&quot;Times New Roman&quot;;mso-ansi-language:\n     EN\" lang=\"EN\">droit \u00e0 la portabilit\u00e9 des donn\u00e9es<\/span><\/li><\/ol><ol type=\"a\" start=\"6\"><li class=\"MsoNormal\" style=\"color:black;mso-margin-top-alt:auto;line-height:\n     18.0pt;mso-list:l5 level1 lfo36;tab-stops:list 36.0pt\"><span style=\"mso-fareast-font-family:&quot;Times New Roman&quot;;mso-ansi-language:EN\" lang=\"EN\">droit d&rsquo;objection<\/span><\/li><\/ol><p style=\"line-height:18.0pt\"><span style=\"color:black;mso-ansi-language:\nEN\" lang=\"EN\">Vous trouverez de plus amples informations sur ces droits au chapitre 3 (art 12-23) du RGPD. <\/span><\/p><\/p>\n\n\n\n<h6 class=\"has-text-align-center wp-block-heading\"><p style=\"line-height:18.0pt\"><b><u><span style=\"color:black;\nmso-ansi-language:EN\" lang=\"EN\">Comment modifier, supprimer ou contester les donn\u00e9es recueillies<\/span><\/u><\/b><span style=\"color:black;mso-ansi-language:\nEN\" lang=\"EN\">  <\/span><\/p><\/h6>\n\n\n\n<p><p style=\"line-height:18.0pt\"><span style=\"color:black;mso-ansi-language:\nEN\" lang=\"EN\">Si vous souhaitez que vos renseignements soient supprim\u00e9s ou modifi\u00e9s d\u2019une fa\u00e7on ou d\u2019une autre, veuillez communiquer avec notre agent de protection de la vie priv\u00e9e ici : <\/span><\/p><\/p>\n\n\n\n<p><p style=\"line-height:18.0pt\"><span style=\"color:black;mso-ansi-language:EN\" lang=\"EN\">Thomas Laroussinie 31 rue de Lille, 59280, Armenti\u00e8res lepolissongourmand@gmail.com 09 82 12 69 06 <\/span><\/p><\/p>\n\n\n\n<h6 class=\"has-text-align-center wp-block-heading\"><p style=\"line-height:18.0pt\"><b><u><span style=\"color:black;\nmso-ansi-language:EN\" lang=\"EN\">Modifications<\/span><\/u><\/b><span style=\"color:black;mso-ansi-language:EN\" lang=\"EN\"> <\/span><\/p><\/h6>\n\n\n\n<p><p style=\"line-height:18.0pt\"><span style=\"color:black;mso-ansi-language:\nEN\" lang=\"EN\">Cette politique de confidentialit\u00e9 peut \u00eatre modifi\u00e9e \u00e0 l\u2019occasion afin de maintenir la conformit\u00e9 avec la loi et de tenir compte de tout changement \u00e0 notre processus de collecte de donn\u00e9es. Nous recommandons \u00e0 nos utilisateurs de v\u00e9rifier notre politique de temps \u00e0 autre pour s\u2019assurer qu\u2019ils soient inform\u00e9s de toute mise \u00e0 jour. Au besoin, nous pouvons informer les utilisateurs par courriel des changements apport\u00e9s \u00e0 cette politique. <\/span><\/p><\/p>\n\n\n\n<h6 class=\"has-text-align-center wp-block-heading\"><p style=\"line-height:18.0pt\"><b><u><span style=\"color:black;\nmso-ansi-language:EN\" lang=\"EN\">Contact<\/span><\/u><\/b><span style=\"color:black;\nmso-ansi-language:EN\" lang=\"EN\"> <\/span><\/p><\/h6>\n\n\n\n<p><p style=\"line-height:18.0pt\"><span style=\"color:black;mso-ansi-language:\nEN\" lang=\"EN\">Si vous avez des questions \u00e0 nous poser, n\u2019h\u00e9sitez pas \u00e0 communiquer avec nous en utilisant ce qui suit&nbsp;: 09 82 12 69 06 lepolissongourmand@gmail.com 31 rue de Lille, 59280, Armenti\u00e8res  <\/span><\/p><\/p>\n\n\n\n<p><p style=\"line-height:18.0pt\"><span style=\"color:black;mso-ansi-language:\nEN\" lang=\"EN\"><i>Date d\u2019entr\u00e9e en vigueur&nbsp;: <\/i>le 2 novembre 2022 <\/span><\/p><p><span style=\"mso-ansi-language:EN\" lang=\"EN\">\u00a9 2002-2022, DocumentsL\u00e9gaux\u2122 (Sequiter Inc.)<\/span><\/p><\/p>\n\n\n<div class=\"wp-block-image\">\n<figure class=\"aligncenter size-large is-resized\"><img data-recalc-dims=\"1\" loading=\"lazy\" decoding=\"async\" src=\"https:\/\/i0.wp.com\/cvryvlb.cluster029.hosting.ovh.net\/wp-content\/uploads\/2022\/05\/Sans-titre-1-1024x1024.png?resize=406%2C406\" alt=\"Logo - Le Polisson Gourmand - Salon de th\u00e9\" class=\"wp-image-17\" width=\"406\" height=\"406\" srcset=\"https:\/\/i0.wp.com\/lepolissongourmand.fr\/wp-content\/uploads\/2022\/05\/Sans-titre-1.png?resize=1024%2C1024&amp;ssl=1 1024w, https:\/\/i0.wp.com\/lepolissongourmand.fr\/wp-content\/uploads\/2022\/05\/Sans-titre-1.png?resize=300%2C300&amp;ssl=1 300w, https:\/\/i0.wp.com\/lepolissongourmand.fr\/wp-content\/uploads\/2022\/05\/Sans-titre-1.png?resize=150%2C150&amp;ssl=1 150w, https:\/\/i0.wp.com\/lepolissongourmand.fr\/wp-content\/uploads\/2022\/05\/Sans-titre-1.png?resize=768%2C768&amp;ssl=1 768w, https:\/\/i0.wp.com\/lepolissongourmand.fr\/wp-content\/uploads\/2022\/05\/Sans-titre-1.png?resize=1536%2C1536&amp;ssl=1 1536w, https:\/\/i0.wp.com\/lepolissongourmand.fr\/wp-content\/uploads\/2022\/05\/Sans-titre-1.png?resize=2048%2C2048&amp;ssl=1 2048w, https:\/\/i0.wp.com\/lepolissongourmand.fr\/wp-content\/uploads\/2022\/05\/Sans-titre-1.png?resize=1568%2C1568&amp;ssl=1 1568w, https:\/\/i0.wp.com\/lepolissongourmand.fr\/wp-content\/uploads\/2022\/05\/Sans-titre-1.png?w=3060&amp;ssl=1 3060w\" sizes=\"auto, (max-width: 406px) 100vw, 406px\" \/><\/figure><\/div>","protected":false},"excerpt":{"rendered":"<div class=\"entry-summary\">\nwww.lepolissongourmand.fr Le Polisson Gourmand Type de site&nbsp;: vitrine Le but de cette&hellip;\n<\/div>\n<div class=\"link-more\"><a href=\"https:\/\/lepolissongourmand.fr\/index.php\/politique-de-confidentialite\/\" class=\"more-link\">Continue reading<span class=\"screen-reader-text\"> &ldquo;Politique de confidentialit\u00e9&rdquo;<\/span>&hellip;<\/a><\/div>\n","protected":false},"author":1,"featured_media":0,"parent":0,"menu_order":0,"comment_status":"closed","ping_status":"open","template":"page-template\/_fullwidth.php","meta":{"footnotes":""},"class_list":["post-3","page","type-page","status-publish","hentry","entry"],"yoast_head":"<!-- This site is optimized with the Yoast SEO plugin v27.0 - https:\/\/yoast.com\/product\/yoast-seo-wordpress\/ -->\n<title>Politique de confidentialit\u00e9 - Le polisson gourmand<\/title>\n<meta name=\"description\" content=\"Politique de confidentialit\u00e9 du site internet du salon de th\u00e9: le polisson gourmand\" \/>\n<meta name=\"robots\" content=\"index, follow, max-snippet:-1, max-image-preview:large, max-video-preview:-1\" \/>\n<link rel=\"canonical\" href=\"https:\/\/lepolissongourmand.fr\/index.php\/politique-de-confidentialite\/\" \/>\n<meta property=\"og:locale\" content=\"fr_FR\" \/>\n<meta property=\"og:type\" content=\"article\" \/>\n<meta property=\"og:title\" content=\"Politique de confidentialit\u00e9 - Le polisson gourmand\" \/>\n<meta property=\"og:description\" content=\"Politique de confidentialit\u00e9 du site internet du salon de th\u00e9: le polisson gourmand\" \/>\n<meta property=\"og:url\" content=\"https:\/\/lepolissongourmand.fr\/index.php\/politique-de-confidentialite\/\" \/>\n<meta property=\"og:site_name\" content=\"Le polisson gourmand\" \/>\n<meta property=\"article:publisher\" content=\"https:\/\/www.facebook.com\/Le-Polisson-Gourmand-104332095364932\/\" \/>\n<meta property=\"article:modified_time\" content=\"2023-03-22T12:01:52+00:00\" \/>\n<meta property=\"og:image\" content=\"http:\/\/cvryvlb.cluster029.hosting.ovh.net\/wp-content\/uploads\/2022\/05\/Sans-titre-1-1024x1024.png\" \/>\n<meta name=\"twitter:card\" content=\"summary_large_image\" \/>\n<meta name=\"twitter:label1\" content=\"Dur\u00e9e de lecture estim\u00e9e\" \/>\n\t<meta name=\"twitter:data1\" content=\"8 minutes\" \/>\n<script type=\"application\/ld+json\" class=\"yoast-schema-graph\">{\"@context\":\"https:\/\/schema.org\",\"@graph\":[{\"@type\":\"WebPage\",\"@id\":\"https:\/\/lepolissongourmand.fr\/index.php\/politique-de-confidentialite\/\",\"url\":\"https:\/\/lepolissongourmand.fr\/index.php\/politique-de-confidentialite\/\",\"name\":\"Politique de confidentialit\u00e9 - Le polisson gourmand\",\"isPartOf\":{\"@id\":\"https:\/\/lepolissongourmand.fr\/#website\"},\"primaryImageOfPage\":{\"@id\":\"https:\/\/lepolissongourmand.fr\/index.php\/politique-de-confidentialite\/#primaryimage\"},\"image\":{\"@id\":\"https:\/\/lepolissongourmand.fr\/index.php\/politique-de-confidentialite\/#primaryimage\"},\"thumbnailUrl\":\"http:\/\/cvryvlb.cluster029.hosting.ovh.net\/wp-content\/uploads\/2022\/05\/Sans-titre-1-1024x1024.png\",\"datePublished\":\"2022-05-27T12:19:19+00:00\",\"dateModified\":\"2023-03-22T12:01:52+00:00\",\"description\":\"Politique de confidentialit\u00e9 du site internet du salon de th\u00e9: le polisson gourmand\",\"breadcrumb\":{\"@id\":\"https:\/\/lepolissongourmand.fr\/index.php\/politique-de-confidentialite\/#breadcrumb\"},\"inLanguage\":\"fr-FR\",\"potentialAction\":[{\"@type\":\"ReadAction\",\"target\":[\"https:\/\/lepolissongourmand.fr\/index.php\/politique-de-confidentialite\/\"]}]},{\"@type\":\"ImageObject\",\"inLanguage\":\"fr-FR\",\"@id\":\"https:\/\/lepolissongourmand.fr\/index.php\/politique-de-confidentialite\/#primaryimage\",\"url\":\"http:\/\/cvryvlb.cluster029.hosting.ovh.net\/wp-content\/uploads\/2022\/05\/Sans-titre-1-1024x1024.png\",\"contentUrl\":\"http:\/\/cvryvlb.cluster029.hosting.ovh.net\/wp-content\/uploads\/2022\/05\/Sans-titre-1-1024x1024.png\"},{\"@type\":\"BreadcrumbList\",\"@id\":\"https:\/\/lepolissongourmand.fr\/index.php\/politique-de-confidentialite\/#breadcrumb\",\"itemListElement\":[{\"@type\":\"ListItem\",\"position\":1,\"name\":\"Accueil\",\"item\":\"https:\/\/lepolissongourmand.fr\/\"},{\"@type\":\"ListItem\",\"position\":2,\"name\":\"Politique de confidentialit\u00e9\"}]},{\"@type\":\"WebSite\",\"@id\":\"https:\/\/lepolissongourmand.fr\/#website\",\"url\":\"https:\/\/lepolissongourmand.fr\/\",\"name\":\"Le polisson gourmand\",\"description\":\"\",\"publisher\":{\"@id\":\"https:\/\/lepolissongourmand.fr\/#organization\"},\"potentialAction\":[{\"@type\":\"SearchAction\",\"target\":{\"@type\":\"EntryPoint\",\"urlTemplate\":\"https:\/\/lepolissongourmand.fr\/?s={search_term_string}\"},\"query-input\":{\"@type\":\"PropertyValueSpecification\",\"valueRequired\":true,\"valueName\":\"search_term_string\"}}],\"inLanguage\":\"fr-FR\"},{\"@type\":\"Organization\",\"@id\":\"https:\/\/lepolissongourmand.fr\/#organization\",\"name\":\"LE POLISSON GOURMAND\",\"url\":\"https:\/\/lepolissongourmand.fr\/\",\"logo\":{\"@type\":\"ImageObject\",\"inLanguage\":\"fr-FR\",\"@id\":\"https:\/\/lepolissongourmand.fr\/#\/schema\/logo\/image\/\",\"url\":\"http:\/\/cvryvlb.cluster029.hosting.ovh.net\/wp-content\/uploads\/2022\/05\/Sans-titre-1-1024x1024.png\",\"contentUrl\":\"http:\/\/cvryvlb.cluster029.hosting.ovh.net\/wp-content\/uploads\/2022\/05\/Sans-titre-1-1024x1024.png\",\"width\":1024,\"height\":1024,\"caption\":\"LE POLISSON GOURMAND\"},\"image\":{\"@id\":\"https:\/\/lepolissongourmand.fr\/#\/schema\/logo\/image\/\"},\"sameAs\":[\"https:\/\/www.facebook.com\/Le-Polisson-Gourmand-104332095364932\/\",\"https:\/\/www.instagram.com\/lepolissongourmand\/?hl=fr\"]}]}<\/script>\n<!-- \/ Yoast SEO plugin. -->","yoast_head_json":{"title":"Politique de confidentialit\u00e9 - Le polisson gourmand","description":"Politique de confidentialit\u00e9 du site internet du salon de th\u00e9: le polisson gourmand","robots":{"index":"index","follow":"follow","max-snippet":"max-snippet:-1","max-image-preview":"max-image-preview:large","max-video-preview":"max-video-preview:-1"},"canonical":"https:\/\/lepolissongourmand.fr\/index.php\/politique-de-confidentialite\/","og_locale":"fr_FR","og_type":"article","og_title":"Politique de confidentialit\u00e9 - Le polisson gourmand","og_description":"Politique de confidentialit\u00e9 du site internet du salon de th\u00e9: le polisson gourmand","og_url":"https:\/\/lepolissongourmand.fr\/index.php\/politique-de-confidentialite\/","og_site_name":"Le polisson gourmand","article_publisher":"https:\/\/www.facebook.com\/Le-Polisson-Gourmand-104332095364932\/","article_modified_time":"2023-03-22T12:01:52+00:00","og_image":[{"url":"http:\/\/cvryvlb.cluster029.hosting.ovh.net\/wp-content\/uploads\/2022\/05\/Sans-titre-1-1024x1024.png","type":"","width":"","height":""}],"twitter_card":"summary_large_image","twitter_misc":{"Dur\u00e9e de lecture estim\u00e9e":"8 minutes"},"schema":{"@context":"https:\/\/schema.org","@graph":[{"@type":"WebPage","@id":"https:\/\/lepolissongourmand.fr\/index.php\/politique-de-confidentialite\/","url":"https:\/\/lepolissongourmand.fr\/index.php\/politique-de-confidentialite\/","name":"Politique de confidentialit\u00e9 - Le polisson gourmand","isPartOf":{"@id":"https:\/\/lepolissongourmand.fr\/#website"},"primaryImageOfPage":{"@id":"https:\/\/lepolissongourmand.fr\/index.php\/politique-de-confidentialite\/#primaryimage"},"image":{"@id":"https:\/\/lepolissongourmand.fr\/index.php\/politique-de-confidentialite\/#primaryimage"},"thumbnailUrl":"http:\/\/cvryvlb.cluster029.hosting.ovh.net\/wp-content\/uploads\/2022\/05\/Sans-titre-1-1024x1024.png","datePublished":"2022-05-27T12:19:19+00:00","dateModified":"2023-03-22T12:01:52+00:00","description":"Politique de confidentialit\u00e9 du site internet du salon de th\u00e9: le polisson gourmand","breadcrumb":{"@id":"https:\/\/lepolissongourmand.fr\/index.php\/politique-de-confidentialite\/#breadcrumb"},"inLanguage":"fr-FR","potentialAction":[{"@type":"ReadAction","target":["https:\/\/lepolissongourmand.fr\/index.php\/politique-de-confidentialite\/"]}]},{"@type":"ImageObject","inLanguage":"fr-FR","@id":"https:\/\/lepolissongourmand.fr\/index.php\/politique-de-confidentialite\/#primaryimage","url":"http:\/\/cvryvlb.cluster029.hosting.ovh.net\/wp-content\/uploads\/2022\/05\/Sans-titre-1-1024x1024.png","contentUrl":"http:\/\/cvryvlb.cluster029.hosting.ovh.net\/wp-content\/uploads\/2022\/05\/Sans-titre-1-1024x1024.png"},{"@type":"BreadcrumbList","@id":"https:\/\/lepolissongourmand.fr\/index.php\/politique-de-confidentialite\/#breadcrumb","itemListElement":[{"@type":"ListItem","position":1,"name":"Accueil","item":"https:\/\/lepolissongourmand.fr\/"},{"@type":"ListItem","position":2,"name":"Politique de confidentialit\u00e9"}]},{"@type":"WebSite","@id":"https:\/\/lepolissongourmand.fr\/#website","url":"https:\/\/lepolissongourmand.fr\/","name":"Le polisson gourmand","description":"","publisher":{"@id":"https:\/\/lepolissongourmand.fr\/#organization"},"potentialAction":[{"@type":"SearchAction","target":{"@type":"EntryPoint","urlTemplate":"https:\/\/lepolissongourmand.fr\/?s={search_term_string}"},"query-input":{"@type":"PropertyValueSpecification","valueRequired":true,"valueName":"search_term_string"}}],"inLanguage":"fr-FR"},{"@type":"Organization","@id":"https:\/\/lepolissongourmand.fr\/#organization","name":"LE POLISSON GOURMAND","url":"https:\/\/lepolissongourmand.fr\/","logo":{"@type":"ImageObject","inLanguage":"fr-FR","@id":"https:\/\/lepolissongourmand.fr\/#\/schema\/logo\/image\/","url":"http:\/\/cvryvlb.cluster029.hosting.ovh.net\/wp-content\/uploads\/2022\/05\/Sans-titre-1-1024x1024.png","contentUrl":"http:\/\/cvryvlb.cluster029.hosting.ovh.net\/wp-content\/uploads\/2022\/05\/Sans-titre-1-1024x1024.png","width":1024,"height":1024,"caption":"LE POLISSON GOURMAND"},"image":{"@id":"https:\/\/lepolissongourmand.fr\/#\/schema\/logo\/image\/"},"sameAs":["https:\/\/www.facebook.com\/Le-Polisson-Gourmand-104332095364932\/","https:\/\/www.instagram.com\/lepolissongourmand\/?hl=fr"]}]}},"jetpack_sharing_enabled":true,"_links":{"self":[{"href":"https:\/\/lepolissongourmand.fr\/index.php\/wp-json\/wp\/v2\/pages\/3","targetHints":{"allow":["GET"]}}],"collection":[{"href":"https:\/\/lepolissongourmand.fr\/index.php\/wp-json\/wp\/v2\/pages"}],"about":[{"href":"https:\/\/lepolissongourmand.fr\/index.php\/wp-json\/wp\/v2\/types\/page"}],"author":[{"embeddable":true,"href":"https:\/\/lepolissongourmand.fr\/index.php\/wp-json\/wp\/v2\/users\/1"}],"replies":[{"embeddable":true,"href":"https:\/\/lepolissongourmand.fr\/index.php\/wp-json\/wp\/v2\/comments?post=3"}],"version-history":[{"count":6,"href":"https:\/\/lepolissongourmand.fr\/index.php\/wp-json\/wp\/v2\/pages\/3\/revisions"}],"predecessor-version":[{"id":822,"href":"https:\/\/lepolissongourmand.fr\/index.php\/wp-json\/wp\/v2\/pages\/3\/revisions\/822"}],"wp:attachment":[{"href":"https:\/\/lepolissongourmand.fr\/index.php\/wp-json\/wp\/v2\/media?parent=3"}],"curies":[{"name":"wp","href":"https:\/\/api.w.org\/{rel}","templated":true}]}}